{"version":"1.0","provider_name":"1TV","provider_url":"https:\/\/1tv.ge\/lang\/az\/","author_name":"Sevinj Mustafaeva","author_url":"https:\/\/1tv.ge\/lang\/az\/user\/sevinjmustafaeva\/","title":"Va\u015finqtonda Benyamin Netanyahunun s\u0259f\u0259rin\u0259 etiraz edibl\u0259r - 1TV","type":"rich","width":600,"height":338,"html":"<blockquote class=\"wp-embedded-content\" data-secret=\"LSvBKKbqHI\"><a href=\"https:\/\/1tv.ge\/lang\/az\/news\/vasingtonda-benyamin-netanyahunun-seferine-etiraz-edibler\/\">Va\u015finqtonda Benyamin Netanyahunun s\u0259f\u0259rin\u0259 etiraz edibl\u0259r<\/a><\/blockquote><iframe sandbox=\"allow-scripts\" security=\"restricted\" src=\"https:\/\/1tv.ge\/lang\/az\/news\/vasingtonda-benyamin-netanyahunun-seferine-etiraz-edibler\/embed\/#?secret=LSvBKKbqHI\" width=\"600\" height=\"338\" title=\"&#8220;Va\u015finqtonda Benyamin Netanyahunun s\u0259f\u0259rin\u0259 etiraz edibl\u0259r&#8221; &#8212; 1TV\" data-secret=\"LSvBKKbqHI\" frameborder=\"0\" marginwidth=\"0\" marginheight=\"0\" scrolling=\"no\" class=\"wp-embedded-content\"><\/iframe><script>\n\/*! This file is auto-generated *\/\n!function(d,l){\"use strict\";l.querySelector&&d.addEventListener&&\"undefined\"!=typeof URL&&(d.wp=d.wp||{},d.wp.receiveEmbedMessage||(d.wp.receiveEmbedMessage=function(e){var t=e.data;if((t||t.secret||t.message||t.value)&&!\/[^a-zA-Z0-9]\/.test(t.secret)){for(var s,r,n,a=l.querySelectorAll('iframe[data-secret=\"'+t.secret+'\"]'),o=l.querySelectorAll('blockquote[data-secret=\"'+t.secret+'\"]'),c=new RegExp(\"^https?:$\",\"i\"),i=0;i<o.length;i++)o[i].style.display=\"none\";for(i=0;i<a.length;i++)s=a[i],e.source===s.contentWindow&&(s.removeAttribute(\"style\"),\"height\"===t.message?(1e3<(r=parseInt(t.value,10))?r=1e3:~~r<200&&(r=200),s.height=r):\"link\"===t.message&&(r=new URL(s.getAttribute(\"src\")),n=new URL(t.value),c.test(n.protocol))&&n.host===r.host&&l.activeElement===s&&(d.top.location.href=t.value))}},d.addEventListener(\"message\",d.wp.receiveEmbedMessage,!1),l.addEventListener(\"DOMContentLoaded\",function(){for(var e,t,s=l.querySelectorAll(\"iframe.wp-embedded-content\"),r=0;r<s.length;r++)(t=(e=s[r]).getAttribute(\"data-secret\"))||(t=Math.random().toString(36).substring(2,12),e.src+=\"#?secret=\"+t,e.setAttribute(\"data-secret\",t)),e.contentWindow.postMessage({message:\"ready\",secret:t},\"*\")},!1)))}(window,document);\n<\/script>\n","thumbnail_url":"https:\/\/cdn.1tv.ge\/lang\/app\/uploads\/2026\/07\/1785227435-1785223065-imago0862832175s.jpg","thumbnail_width":629,"thumbnail_height":420,"description":"Va\u015finqtonda \u0130srailin Ba\u015f naziri Benyamin Netanyahunun AB\u015e-a s\u0259f\u0259rin\u0259 qar\u015f\u0131 etiraz aksiyas\u0131 ke\u00e7irilib. N\u00fcmayi\u015f f\u0259l\u0259stinlil\u0259ri d\u0259st\u0259kl\u0259y\u0259n f\u0259allar t\u0259r\u0259find\u0259n t\u0259\u015fkil olunmu\u015fdu. Aksiya i\u015ftirak\u00e7\u0131lar\u0131 \u0259ll\u0259rind\u0259 F\u0259l\u0259stin bayraqlar\u0131 tutaraq AB\u015e h\u00f6kum\u0259tind\u0259n Beyn\u0259lxalq Cinay\u0259t M\u0259hk\u0259m\u0259sinin (ICC) q\u0259rar\u0131n\u0131 icra etm\u0259yi \u2013 Benyamin Netanyahunu h\u0259bs etm\u0259yi t\u0259l\u0259b edirdil\u0259r. AB\u015e Prezidenti Donald Tramp bundan \u0259vv\u0259l Netanyahunun AB\u015e-da olark\u0259n h\u0259bs olunmaq t\u0259hl\u00fck\u0259sinin olmad\u0131\u011f\u0131n\u0131 \u2026 Davam\u0131"}