{"version":"1.0","provider_name":"1TV","provider_url":"https:\/\/1tv.ge\/lang\/az\/","author_name":"Sevinj Mustafaeva","author_url":"https:\/\/1tv.ge\/lang\/az\/user\/sevinjmustafaeva\/","title":"C\u00fcdo | Eter Liparteliani Lozanna \"B\u00f6y\u00fck D\u0259bilq\u0259\"sinin qalibidir#1TVSPORT - 1TV","type":"rich","width":600,"height":338,"html":"<blockquote class=\"wp-embedded-content\" data-secret=\"zir5FSGmT2\"><a href=\"https:\/\/1tv.ge\/lang\/az\/news\/cudo-eter-liparteliani-lozanna-boyuk-debilgesinin-galibidir1tvsport\/\">C\u00fcdo | Eter Liparteliani Lozanna \u201cB\u00f6y\u00fck D\u0259bilq\u0259\u201dsinin qalibidir#1TVSPORT<\/a><\/blockquote><iframe sandbox=\"allow-scripts\" security=\"restricted\" src=\"https:\/\/1tv.ge\/lang\/az\/news\/cudo-eter-liparteliani-lozanna-boyuk-debilgesinin-galibidir1tvsport\/embed\/#?secret=zir5FSGmT2\" width=\"600\" height=\"338\" title=\"&#8220;C\u00fcdo | Eter Liparteliani Lozanna \u201cB\u00f6y\u00fck D\u0259bilq\u0259\u201dsinin qalibidir#1TVSPORT&#8221; &#8212; 1TV\" data-secret=\"zir5FSGmT2\" frameborder=\"0\" marginwidth=\"0\" marginheight=\"0\" scrolling=\"no\" class=\"wp-embedded-content\"><\/iframe><script>\n\/*! This file is auto-generated *\/\n!function(d,l){\"use strict\";l.querySelector&&d.addEventListener&&\"undefined\"!=typeof URL&&(d.wp=d.wp||{},d.wp.receiveEmbedMessage||(d.wp.receiveEmbedMessage=function(e){var t=e.data;if((t||t.secret||t.message||t.value)&&!\/[^a-zA-Z0-9]\/.test(t.secret)){for(var s,r,n,a=l.querySelectorAll('iframe[data-secret=\"'+t.secret+'\"]'),o=l.querySelectorAll('blockquote[data-secret=\"'+t.secret+'\"]'),c=new RegExp(\"^https?:$\",\"i\"),i=0;i<o.length;i++)o[i].style.display=\"none\";for(i=0;i<a.length;i++)s=a[i],e.source===s.contentWindow&&(s.removeAttribute(\"style\"),\"height\"===t.message?(1e3<(r=parseInt(t.value,10))?r=1e3:~~r<200&&(r=200),s.height=r):\"link\"===t.message&&(r=new URL(s.getAttribute(\"src\")),n=new URL(t.value),c.test(n.protocol))&&n.host===r.host&&l.activeElement===s&&(d.top.location.href=t.value))}},d.addEventListener(\"message\",d.wp.receiveEmbedMessage,!1),l.addEventListener(\"DOMContentLoaded\",function(){for(var e,t,s=l.querySelectorAll(\"iframe.wp-embedded-content\"),r=0;r<s.length;r++)(t=(e=s[r]).getAttribute(\"data-secret\"))||(t=Math.random().toString(36).substring(2,12),e.src+=\"#?secret=\"+t,e.setAttribute(\"data-secret\",t)),e.contentWindow.postMessage({message:\"ready\",secret:t},\"*\")},!1)))}(window,document);\n<\/script>\n","thumbnail_url":"https:\/\/cdn.1tv.ge\/lang\/app\/uploads\/2026\/08\/1787940617-1787939077.jpg","thumbnail_width":1280,"thumbnail_height":723,"description":"\u0130sve\u00e7r\u0259nin Lozanna \u015f\u0259h\u0259rind\u0259 Beyn\u0259lxalq C\u00fcdo Federasiyas\u0131n\u0131n (IJF) himay\u0259si alt\u0131nda ilk \u201cB\u00f6y\u00fck D\u0259bilq\u0259\u201d turniri ke\u00e7irilir. Yar\u0131\u015f\u0131n ilk g\u00fcn\u00fcnd\u0259 G\u00fcrc\u00fcstan\u0131n y\u0131\u011fmas\u0131n\u0131n \u00fczv\u00fc Eter Liparteliani q\u0131z\u0131l medal qazan\u0131b v\u0259 turnirin \u00e7empionu oldu. D\u00fcnya v\u0259 haz\u0131rk\u0131 Avropa \u00e7empionu finalda frans\u0131z Sara-Leon Sisik\u0259 ipponla qalib g\u0259ldi."}